{"id":28,"date":"2019-11-03T09:42:54","date_gmt":"2019-11-03T09:42:54","guid":{"rendered":"http:\/\/dieleichtsinnigen.de\/?page_id=28"},"modified":"2019-11-03T10:08:56","modified_gmt":"2019-11-03T10:08:56","slug":"impressum","status":"publish","type":"page","link":"https:\/\/dieleichtsinnigen.de\/?page_id=28","title":{"rendered":"Impressum"},"content":{"rendered":"\n<p>Disclaimer:<br><strong>Haftung f\u00fcr Inhalte<\/strong><br>Die \nInhalte unserer Seiten wurden mit gr\u00f6\u00dfter Sorgfalt erstellt. F\u00fcr die \nRichtigkeit, Vollst\u00e4ndigkeit und Aktualit\u00e4t der Inhalte k\u00f6nnen wir \njedoch keine Gew\u00e4hr \u00fcbernehmen.<br><br>Als Diensteanbieter sind wir \ngem\u00e4\u00df \u00a7 6 Abs.1 MDStV und \u00a7 8 Abs.1 TDG f\u00fcr eigene Inhalte auf diesen \nSeiten nach den allgemeinen Gesetzen verantwortlich. Diensteanbieter \nsind jedoch nicht verpflichtet, die von ihnen \u00fcbermittelten oder \ngespeicherten fremden Informationen zu \u00fcberwachen oder nach Umst\u00e4nden zu\n forschen, die auf eine rechtswidrige T\u00e4tigkeit hinweisen. \nVerpflichtungen zur Entfernung oder Sperrung der Nutzung von \nInformationen nach den allgemeinen Gesetzen bleiben hiervon unber\u00fchrt. \nEine diesbez\u00fcgliche Haftung ist jedoch erst ab dem Zeitpunkt der \nKenntnis einer konkreten Rechtsverletzung m\u00f6glich. Bei bekannt werden \nvon entsprechenden Rechtsverletzungen werden wir diese Inhalte umgehend \nentfernen.<br><br><strong>Haftung f\u00fcr Links<\/strong><br>Unser Angebot \nenth\u00e4lt Links zu externen Webseiten Dritter, auf deren Inhalte wir \nkeinen Einfluss haben. Deshalb k\u00f6nnen wir f\u00fcr diese fremden Inhalte auch\n keine Gew\u00e4hr \u00fcbernehmen. F\u00fcr die Inhalte der verlinkten Seiten ist \nstets der jeweilige Anbieter oder Betreiber der Seiten verantwortlich. \nDie verlinkten Seiten wurden zum Zeitpunkt der Verlinkung auf m\u00f6gliche \nRechtsverst\u00f6\u00dfe \u00fcberpr\u00fcft. Rechtswidrige Inhalte waren zum Zeitpunkt der \nVerlinkung nicht erkennbar. Eine permanente inhaltliche Kontrolle der \nverlinkten Seiten ist jedoch ohne konkrete Anhaltspunkte einer \nRechtsverletzung nicht zumutbar. Bei bekannt werden von \nRechtsverletzungen werden wir derartige Links umgehend entfernen.<br><br><strong>Urheberrecht<\/strong><br>Die\n Betreiber der Seiten sind bem\u00fcht, stets die Urheberrechte anderer zu \nbeachten bzw. auf selbst erstellte sowie lizenzfreie Werke \nzur\u00fcckzugreifen.<br><br>Die durch die Seitenbetreiber erstellten Inhalte\n und Werke auf diesen Seiten unterliegen dem deutschen Urheberrecht. \nBeitr\u00e4ge Dritter sind als solche gekennzeichnet. Die Vervielf\u00e4ltigung, \nBearbeitung, Verbreitung und jede Art der Verwertung au\u00dferhalb der \nGrenzen des Urheberrechtes bed\u00fcrfen der schriftlichen Zustimmung des \njeweiligen Autors bzw. Erstellers. Downloads und Kopien dieser Seite \nsind nur f\u00fcr den privaten, nicht kommerziellen Gebrauch gestattet.<br><\/p>\n\n\n\n<p><strong>Datenschutzerkl\u00e4rung<\/strong><\/p>\n\n\n\n<p><strong>Allgemeines<\/strong><br> <br> <strong>1.1 Was sind personenbezogene Daten<\/strong><br>\n Personenbezogene Daten sind Angaben, die die Identit\u00e4t des Nutzers \noffenlegen oder offenlegen k\u00f6nnen. Wir halten uns an den Grundsatz der \nDatenvermeidung. Es wird soweit wie m\u00f6glich auf die Erhebung von \npersonenbezogenen Daten verzichtet.<br> <br> <strong>1.2 Umgang mit personenbezogenen Daten<\/strong><br>\n Personenbezogene Daten dienen ausschlie\u00dflich der Vertragsbegr\u00fcndung, \ninhaltlichen Ausgestaltung, Durchf\u00fchrung oder Abwicklung des \nVertragsverh\u00e4ltnisses (Art. 6 I S. 1 b DSGVO). Dar\u00fcber hinaus werden \npersonenbezogene Daten nur verarbeitet, soweit wir hierzu Ihre \nEinwilligung erhalten haben (Art. 6 I S. 1 a DSGVO). Sie werden \ngrunds\u00e4tzlich nicht an Dritte weitergegeben. Zur Abwicklung von \nZahlungen werden die hierf\u00fcr erforderlichen Zahlungsdaten an das mit der\n Zahlung beauftragte Kreditinstitut und ggf. den beauftragten und \ngew\u00e4hlten Zahlungsdienstleister weitergegeben. Die Verarbeitung Ihrer \npersonenbezogenen Daten erfolgt ausschlie\u00dflich innerhalb der EU, soweit \nnachfolgend nicht etwas Abweichendes dargelegt ist.<br> <br> <strong>1.3 Nutzungsdaten<\/strong><br>\n Beim Besuch der Webseite werden allgemeine technische Informationen \nerhoben. Dies sind die verwendete IP-Adresse, Uhrzeit, Dauer des \nBesuchs, Browsertyp und ggf. die Herkunftsseite. Diese Nutzungsdaten \nwerden technisch bedingt in einem Logfile registriert und k\u00f6nnen zum \nZwecke der Statistikauswertung dieser Webseite benutzt und gespeichert \nwerden. Eine Verkn\u00fcpfung dieser Nutzungsdaten mit Ihren weiteren \npersonenbezogenen Daten findet nicht statt.<br> <br> <strong>1.4 Dauer der Speicherung<\/strong><br>\n Wir speichern Ihre personenbezogenen Daten nach der Beendigung des \nZwecks, f\u00fcr welchen die Daten erhoben wurden, nur solange, wie dies auf \nGrund der gesetzlichen (insbesondere steuerrechtlichen) Vorschriften \nerforderlich ist.&nbsp;<br> <br> <br> <strong>2. Ihre Rechte<\/strong><br> <br> <strong>2.1 Auskunft<\/strong><br>\n Sie k\u00f6nnen von uns eine Auskunft dar\u00fcber verlangen, ob wir \npersonenbezogene Daten von Ihnen verarbeiten und soweit dies der Fall \nist haben Sie ein Recht auf Auskunft \u00fcber diese personenbezogenen Daten \nund auf die in Art. 15 DSGVO genannten weiteren Informationen.<br> <br> <strong>2.2 Recht auf Berichtigung<\/strong><br>\n Sie haben das Recht auf Berichtigung der Sie betreffenden unrichtigen \npersonenbezogenen Daten und k\u00f6nnen gem\u00e4\u00df Art. 16 DSGVO die \nVervollst\u00e4ndigung unvollst\u00e4ndiger personenbezogener Daten verlangen.<br> <br> <strong>2.3 Recht auf L\u00f6schung<\/strong><br>\n Sie haben das Recht von uns zu verlangen, dass die Sie betreffenden \npersonenbezogenen Daten unverz\u00fcglich gel\u00f6scht werden. Wir sind \nverpflichtet diese unverz\u00fcglich zu l\u00f6schen, insbesondere sofern einer \nder folgenden Gr\u00fcnde zutrifft:<\/p>\n\n\n\n<ul><li>Ihre personenbezogenen Daten sind f\u00fcr die Zwecke, f\u00fcr die sie \nerhoben oder auf sonstige Weise verarbeitet wurden, nicht mehr \nnotwendig.<\/li><li>Sie widerrufen ihre Einwilligung, auf die sich die Verarbeitung \nIhrer Daten st\u00fctzte, und es fehlt an einer anderweitigen Rechtsgrundlage\n f\u00fcr die Verarbeitung.<\/li><li>Ihre Daten wurden unrechtm\u00e4\u00dfig verarbeitet.<\/li><\/ul>\n\n\n\n<p>Das Recht auf L\u00f6schung besteht nicht, soweit Ihre personenbezogenen \nDaten zur Geltendmachung, Aus\u00fcbung oder Verteidigung unserer \nRechtsanspr\u00fcche erforderlich sind.<br> <br> <strong>2.4 Recht auf Einschr\u00e4nkung der Verarbeitung<\/strong><br> Sie haben das Recht von uns die Einschr\u00e4nkung der Verarbeitung Ihrer personenbezogenen Daten zu verlangen, wenn<\/p>\n\n\n\n<ul><li>Sie die Richtigkeit der Daten bestreiten und wir daher die Richtigkeit \u00fcberpr\u00fcfen,<\/li><li>die Verarbeitung unrechtm\u00e4\u00dfig ist und Sie die L\u00f6schung ablehnen und stattdessen die Einschr\u00e4nkung der Nutzung verlangen<\/li><li>wir die Daten nicht l\u00e4nger ben\u00f6tigen, Sie diese jedoch zur \nGeltendmachung, Aus\u00fcbung oder Verteidigung von Rechtsanspr\u00fcchen \nben\u00f6tigen,<\/li><li>Sie Widerspruch gegen die Verarbeitung Ihrer Daten eingelegt haben, \nund noch nicht feststeht, ob unsere berechtigten Gr\u00fcnde gegen\u00fcber Ihren \nGr\u00fcnden \u00fcberwiegen.<\/li><\/ul>\n\n\n\n<p><strong>2.5 Recht auf Daten\u00fcbertragbarkeit<\/strong><br> Sie haben das\n Recht die Sie betreffenden personenbezogenen Daten, die Sie uns \nbereitgestellt haben, in einem strukturierten, g\u00e4ngigen und \nmaschinenlesbaren Format zu erhalten und Sie haben das Recht, diese \nDaten einem anderen Verantwortlichen ohne Behinderung durch uns zu \n\u00fcbermitteln, sofern die Verarbeitung auf einer Einwilligung oder einem \nVertrag beruht und die Verarbeitung bei uns mithilfe automatisierter \nVerfahren erfolgt.<br> <br> <strong>2.6 Widerrufsrecht<\/strong><br> \nSoweit die Verarbeitung Ihrer personenbezogenen Daten auf einer \nEinwilligung beruht, haben Sie das Recht diese Einwilligung jederzeit zu\n widerrufen.<br> <br> <strong>2.7 Allgemeines und Beschwerderecht<\/strong><br>\n Die Aus\u00fcbung Ihrer vorstehenden Rechte ist f\u00fcr Sie grunds\u00e4tzlich \nkostenlos. Sie haben das Recht sich bei Beschwerden direkt an die f\u00fcr \nuns zust\u00e4ndige Aufsichtsbeh\u00f6rde, den Landesdatenschutzbeauftragen, zu \nwenden.&nbsp;<br> <br> <br> <strong>3. Datensicherheit<\/strong><br> <br> <strong>3.1 Datensicherheit<\/strong><br>\n S\u00e4mtliche Daten auf unserer Website werden durch technische und \norganisatorische Ma\u00dfnahmen gegen Verlust, Zerst\u00f6rung, Zugriff, \nVer\u00e4nderung und Verbreitung gesichert.<br> <br> <strong>3.2 Sessions und Cookies<\/strong><br>\n Zur Bedienung des Internetauftritts k\u00f6nnen wir Cookies oder \nserverseitige Sessions einsetzen, in denen Daten gespeichert werden \nk\u00f6nnen. Cookies sind Dateien, die von einer Webseite auf Ihrer \nFestplatte abgelegt werden, um diesen Computer beim n\u00e4chsten \nWebseitenbesuch automatisch wieder zu erkennen und damit die Nutzung der\n Webseite an Sie anpassen zu k\u00f6nnen. Einige der verwendeten Cookies \nwerden nach dem Ende der Browser-Sitzung wieder gel\u00f6scht. Dabei handelt \nes sich um sogenannte Sitzungs-Cookies. Andere Cookies verbleiben auf \nIhrem Endger\u00e4t und erm\u00f6glichen die Wiedererkennung des Browsers bei \neinem sp\u00e4teren Besuch unserer Website (dauerhafte Cookies). Sie k\u00f6nnen \nIhren Browser so einstellen, dass Sie \u00fcber das Setzen von Cookies \ninformiert werden und einzeln \u00fcber deren Annahme entscheiden oder die \nAnnahme von Cookies f\u00fcr bestimmte F\u00e4lle oder generell ausschlie\u00dfen. \nBitte beachten Sie dabei, dass Sie m\u00f6glicherweise einige Funktionen \ndieser Website nicht nutzen k\u00f6nnen, wenn die Cookies deaktiviert sind. \nWir stellen sicher, dass keine personenbezogenen Daten aus Sessions oder\n durch Cookies \u00fcbernommen werden und Cookies nur eingesetzt werden, \nsofern dies f\u00fcr die Website technisch erforderlich ist. Somit ergibt die\n Abw\u00e4gung, dass keine \u00fcberwiegenden Interessen Ihrerseits entgegenstehen\n (Art. 6 I S. 1 f DSGVO).<br> <br> <br> <strong>4. Social-Media-Links<\/strong><br>\n Wir haben bei den \u00fcber Links von dieser Website zu erreichenden \nDrittanbietern eigene Social-Media-Seiten. Durch die Nutzung der Links \ngelangen Sie auf die jeweiligen Internetseiten der Drittanbieter (z.B. \nFacebook, Twitter, Google+). Sobald Sie die Seite der Drittanbieter \naufgerufen haben, befinden Sie sich im Verantwortungsbereich des \njeweiligen Drittanbieters, so dass auch deren Datenschutzerkl\u00e4rung bzw. \nderen Erkl\u00e4rungen zur Datenverwendung gelten. Wir haben hierauf keinen \nEinfluss, wir empfehlen jedoch zur Vermeidung einer unn\u00f6tigen \nDatenweitergabe vor der Nutzung eines entsprechenden Links sich selbst \nbei dem jeweiligen Drittanbieter auszuloggen, damit nicht schon durch \ndie Verwendung des Links u.U. Nutzungsprofile durch den Drittanbieter \nerstellt werden k\u00f6nnen.&nbsp;<\/p>\n\n\n\n<p><strong>5. Google Fonts<br><\/strong>Diese Seite nutzt zur \neinheitlichen Darstellung von Schriftarten so genannte Web Fonts von \nGoogle. Beim Aufruf einer Seite l\u00e4dt Ihr Browser die ben\u00f6tigten Web \nFonts in ihren Browsercache, um Texte und Schriftarten korrekt \nanzuzeigen. Er nimmt jedoch <strong>nicht<\/strong> Verbindung zu den \nServern von Google auf, sondern greift auf einen unserer Hostingserver \nzu. Dadurch erlangt Google keine Kenntnis dar\u00fcber, dass \u00fcber Ihre \nIP-Adresse Google Fonts aufgerufen wurde.<\/p>\n\n\n\n<p>Die Nutzung von Google Web Fonts erfolgt im Interesse einer  einheitlichen und ansprechenden Darstellung unserer Online-Angebote.  Wenn Ihr Browser Web Fonts nicht unterst\u00fctzt, wird eine Standardschrift  von Ihrem Computer genutzt.<br> <br><strong>6. Kontaktaufnahme<\/strong><br>  Zur Kontaktaufnahme bez\u00fcglich des Datenschutzes k\u00f6nnen Sie sich gern an  uns unter Verwendung der nachfolgenden Kontaktm\u00f6glichkeiten wenden.  <\/p>\n\n\n\n<p>Verantwortliche im Sinne der DSGVO:<br> <br>Text\u00f6ffner\u00ae B\u00fcro f\u00fcr Leichte Sprache<br>Frau Krishna-Sara Helmle<br>Mirabeauweg 2<br>72072 T\u00fcbingen<br> <br> E-Mail: info@leicht-verstehen.de<br> Telefon: 01 52 22 81 30 81<\/p>\n","protected":false},"excerpt":{"rendered":"<p>Disclaimer:Haftung f\u00fcr InhalteDie Inhalte unserer Seiten wurden mit gr\u00f6\u00dfter Sorgfalt erstellt. F\u00fcr die Richtigkeit, Vollst\u00e4ndigkeit und Aktualit\u00e4t der Inhalte k\u00f6nnen wir jedoch keine Gew\u00e4hr \u00fcbernehmen. Als Diensteanbieter sind wir gem\u00e4\u00df \u00a7 6 Abs.1 MDStV und \u00a7 8 Abs.1 TDG f\u00fcr eigene Inhalte auf diesen Seiten nach den allgemeinen Gesetzen verantwortlich. Diensteanbieter sind jedoch nicht verpflichtet, [&hellip;]<\/p>\n","protected":false},"author":1,"featured_media":0,"parent":0,"menu_order":10,"comment_status":"closed","ping_status":"closed","template":"","meta":{"site-sidebar-layout":"default","site-content-layout":"default","ast-site-content-layout":"","site-content-style":"default","site-sidebar-style":"default","ast-global-header-display":"","ast-banner-title-visibility":"","ast-main-header-display":"","ast-hfb-above-header-display":"","ast-hfb-below-header-display":"","ast-hfb-mobile-header-display":"","site-post-title":"","ast-breadcrumbs-content":"","ast-featured-img":"","footer-sml-layout":"","theme-transparent-header-meta":"default","adv-header-id-meta":"","stick-header-meta":"","header-above-stick-meta":"","header-main-stick-meta":"","header-below-stick-meta":"","astra-migrate-meta-layouts":"default","ast-page-background-enabled":"default","ast-page-background-meta":{"desktop":{"background-color":"","background-image":"","background-repeat":"repeat","background-position":"center center","background-size":"auto","background-attachment":"scroll","background-type":"","background-media":"","overlay-type":"","overlay-color":"","overlay-gradient":""},"tablet":{"background-color":"","background-image":"","background-repeat":"repeat","background-position":"center center","background-size":"auto","background-attachment":"scroll","background-type":"","background-media":"","overlay-type":"","overlay-color":"","overlay-gradient":""},"mobile":{"background-color":"","background-image":"","background-repeat":"repeat","background-position":"center center","background-size":"auto","background-attachment":"scroll","background-type":"","background-media":"","overlay-type":"","overlay-color":"","overlay-gradient":""}},"ast-content-background-meta":{"desktop":{"background-color":"var(--ast-global-color-5)","background-image":"","background-repeat":"repeat","background-position":"center center","background-size":"auto","background-attachment":"scroll","background-type":"","background-media":"","overlay-type":"","overlay-color":"","overlay-gradient":""},"tablet":{"background-color":"var(--ast-global-color-5)","background-image":"","background-repeat":"repeat","background-position":"center center","background-size":"auto","background-attachment":"scroll","background-type":"","background-media":"","overlay-type":"","overlay-color":"","overlay-gradient":""},"mobile":{"background-color":"var(--ast-global-color-5)","background-image":"","background-repeat":"repeat","background-position":"center center","background-size":"auto","background-attachment":"scroll","background-type":"","background-media":"","overlay-type":"","overlay-color":"","overlay-gradient":""}},"footnotes":""},"_links":{"self":[{"href":"https:\/\/dieleichtsinnigen.de\/index.php?rest_route=\/wp\/v2\/pages\/28"}],"collection":[{"href":"https:\/\/dieleichtsinnigen.de\/index.php?rest_route=\/wp\/v2\/pages"}],"about":[{"href":"https:\/\/dieleichtsinnigen.de\/index.php?rest_route=\/wp\/v2\/types\/page"}],"author":[{"embeddable":true,"href":"https:\/\/dieleichtsinnigen.de\/index.php?rest_route=\/wp\/v2\/users\/1"}],"replies":[{"embeddable":true,"href":"https:\/\/dieleichtsinnigen.de\/index.php?rest_route=%2Fwp%2Fv2%2Fcomments&post=28"}],"version-history":[{"count":1,"href":"https:\/\/dieleichtsinnigen.de\/index.php?rest_route=\/wp\/v2\/pages\/28\/revisions"}],"predecessor-version":[{"id":29,"href":"https:\/\/dieleichtsinnigen.de\/index.php?rest_route=\/wp\/v2\/pages\/28\/revisions\/29"}],"wp:attachment":[{"href":"https:\/\/dieleichtsinnigen.de\/index.php?rest_route=%2Fwp%2Fv2%2Fmedia&parent=28"}],"curies":[{"name":"wp","href":"https:\/\/api.w.org\/{rel}","templated":true}]}}